{"id":4145,"date":"2019-01-23T15:56:22","date_gmt":"2019-01-23T15:56:22","guid":{"rendered":"https:\/\/www.seefeldgroup.com\/who-we-are\/"},"modified":"2022-04-17T22:58:25","modified_gmt":"2022-04-17T22:58:25","slug":"profil","status":"publish","type":"page","link":"https:\/\/www.seefeldgroup.com\/fr\/profil\/","title":{"rendered":"PROFIL"},"content":{"rendered":"<p>{\u00ab\u00a0main-title\u00a0\u00bb:{\u00ab\u00a0component\u00a0\u00bb:\u00a0\u00bbhc_title\u00a0\u00bb,\u00a0\u00bbid\u00a0\u00bb:\u00a0\u00bbmain-title\u00a0\u00bb,\u00a0\u00bbtitle\u00a0\u00bb:\u00a0\u00bb\u00a0\u00bb,\u00a0\u00bbsubtitle\u00a0\u00bb:\u00a0\u00bb\u00a0\u00bb,\u00a0\u00bbtitle_content\u00a0\u00bb:{\u00ab\u00a0component\u00a0\u00bb:\u00a0\u00bbhc_title_base\u00a0\u00bb,\u00a0\u00bbid\u00a0\u00bb:\u00a0\u00bbtitle-base\u00a0\u00bb,\u00a0\u00bbimage\u00a0\u00bb:\u00a0\u00bbhttps:\/\/www.seefeldgroup.com\/wp-content\/uploads\/2019\/01\/bg-who-we-are-1024&#215;133.jpg|250|1920|3513&Prime;,\u00a0\u00bbbreadcrumbs\u00a0\u00bb:false,\u00a0\u00bbwhite\u00a0\u00bb:false}},\u00a0\u00bbsection_5ZtkF\u00a0\u00bb:{\u00ab\u00a0component\u00a0\u00bb:\u00a0\u00bbhc_section\u00a0\u00bb,\u00a0\u00bbid\u00a0\u00bb:\u00a0\u00bbsection_5ZtkF\u00a0\u00bb,\u00a0\u00bbsection_width\u00a0\u00bb:\u00a0\u00bb\u00a0\u00bb,\u00a0\u00bbanimation\u00a0\u00bb:\u00a0\u00bb\u00a0\u00bb,\u00a0\u00bbanimation_time\u00a0\u00bb:\u00a0\u00bb\u00a0\u00bb,\u00a0\u00bbtimeline_animation\u00a0\u00bb:\u00a0\u00bb\u00a0\u00bb,\u00a0\u00bbtimeline_delay\u00a0\u00bb:\u00a0\u00bb\u00a0\u00bb,\u00a0\u00bbtimeline_order\u00a0\u00bb:\u00a0\u00bb\u00a0\u00bb,\u00a0\u00bbvertical_row\u00a0\u00bb:\u00a0\u00bb\u00a0\u00bb,\u00a0\u00bbbox_middle\u00a0\u00bb:\u00a0\u00bb\u00a0\u00bb,\u00a0\u00bbcss_classes\u00a0\u00bb:\u00a0\u00bbno-padding-bottom \u00ab\u00a0,\u00a0\u00bbcustom_css_classes\u00a0\u00bb:\u00a0\u00bb\u00a0\u00bb,\u00a0\u00bbcustom_css_styles\u00a0\u00bb:\u00a0\u00bb\u00a0\u00bb,\u00a0\u00bbsection_content\u00a0\u00bb:[{\u00ab\u00a0component\u00a0\u00bb:\u00a0\u00bbhc_column\u00a0\u00bb,\u00a0\u00bbid\u00a0\u00bb:\u00a0\u00bbcolumn_8Nh0D\u00a0\u00bb,\u00a0\u00bbcolumn_width\u00a0\u00bb:\u00a0\u00bbcol-md-12&Prime;,\u00a0\u00bbanimation\u00a0\u00bb:\u00a0\u00bb\u00a0\u00bb,\u00a0\u00bbanimation_time\u00a0\u00bb:\u00a0\u00bb\u00a0\u00bb,\u00a0\u00bbtimeline_animation\u00a0\u00bb:\u00a0\u00bb\u00a0\u00bb,\u00a0\u00bbtimeline_delay\u00a0\u00bb:\u00a0\u00bb\u00a0\u00bb,\u00a0\u00bbtimeline_order\u00a0\u00bb:\u00a0\u00bb\u00a0\u00bb,\u00a0\u00bbcss_classes\u00a0\u00bb:\u00a0\u00bbtext-center \u00ab\u00a0,\u00a0\u00bbcustom_css_classes\u00a0\u00bb:\u00a0\u00bb\u00a0\u00bb,\u00a0\u00bbcustom_css_styles\u00a0\u00bb:\u00a0\u00bb\u00a0\u00bb,\u00a0\u00bbmain_content\u00a0\u00bb:[{\u00ab\u00a0component\u00a0\u00bb:\u00a0\u00bbhc_title_tag\u00a0\u00bb,\u00a0\u00bbid\u00a0\u00bb:\u00a0\u00bbEWc5n\u00a0\u00bb,\u00a0\u00bbcss_classes\u00a0\u00bb:\u00a0\u00bb\u00a0\u00bb,\u00a0\u00bbcustom_css_classes\u00a0\u00bb:\u00a0\u00bbtxt-red\u00a0\u00bb,\u00a0\u00bbcustom_css_styles\u00a0\u00bb:\u00a0\u00bb\u00a0\u00bb,\u00a0\u00bbtext\u00a0\u00bb:\u00a0\u00bbRencontrez notre \u00e9quipe d\u2019experts\u00a0\u00bb,\u00a0\u00bbtag\u00a0\u00bb:\u00a0\u00bbh2&Prime;}]}],\u00a0\u00bbsection_settings\u00a0\u00bb:\u00a0\u00bb\u00a0\u00bb},\u00a0\u00bbsection_GsAmp\u00a0\u00bb:{\u00ab\u00a0component\u00a0\u00bb:\u00a0\u00bbhc_section\u00a0\u00bb,\u00a0\u00bbid\u00a0\u00bb:\u00a0\u00bbsection_GsAmp\u00a0\u00bb,\u00a0\u00bbsection_width\u00a0\u00bb:\u00a0\u00bb\u00a0\u00bb,\u00a0\u00bbanimation\u00a0\u00bb:\u00a0\u00bb\u00a0\u00bb,\u00a0\u00bbanimation_time\u00a0\u00bb:\u00a0\u00bb\u00a0\u00bb,\u00a0\u00bbtimeline_animation\u00a0\u00bb:\u00a0\u00bb\u00a0\u00bb,\u00a0\u00bbtimeline_delay\u00a0\u00bb:\u00a0\u00bb\u00a0\u00bb,\u00a0\u00bbtimeline_order\u00a0\u00bb:\u00a0\u00bb\u00a0\u00bb,\u00a0\u00bbvertical_row\u00a0\u00bb:\u00a0\u00bb\u00a0\u00bb,\u00a0\u00bbbox_middle\u00a0\u00bb:\u00a0\u00bb\u00a0\u00bb,\u00a0\u00bbcss_classes\u00a0\u00bb:\u00a0\u00bbvertical-row \u00ab\u00a0,\u00a0\u00bbcustom_css_classes\u00a0\u00bb:\u00a0\u00bb\u00a0\u00bb,\u00a0\u00bbcustom_css_styles\u00a0\u00bb:\u00a0\u00bb\u00a0\u00bb,\u00a0\u00bbsection_content\u00a0\u00bb:[{\u00ab\u00a0component\u00a0\u00bb:\u00a0\u00bbhc_column\u00a0\u00bb,\u00a0\u00bbid\u00a0\u00bb:\u00a0\u00bbcolumn_5ZtkF\u00a0\u00bb,\u00a0\u00bbcolumn_width\u00a0\u00bb:\u00a0\u00bbcol-md-3&Prime;,\u00a0\u00bbanimation\u00a0\u00bb:\u00a0\u00bb\u00a0\u00bb,\u00a0\u00bbanimation_time\u00a0\u00bb:\u00a0\u00bb\u00a0\u00bb,\u00a0\u00bbtimeline_animation\u00a0\u00bb:\u00a0\u00bb\u00a0\u00bb,\u00a0\u00bbtimeline_delay\u00a0\u00bb:\u00a0\u00bb\u00a0\u00bb,\u00a0\u00bbtimeline_order\u00a0\u00bb:\u00a0\u00bb\u00a0\u00bb,\u00a0\u00bbcss_classes\u00a0\u00bb:\u00a0\u00bbcol-sm-12 \u00ab\u00a0,\u00a0\u00bbcustom_css_classes\u00a0\u00bb:\u00a0\u00bb\u00a0\u00bb,\u00a0\u00bbcustom_css_styles\u00a0\u00bb:\u00a0\u00bb\u00a0\u00bb,\u00a0\u00bbmain_content\u00a0\u00bb:[{\u00ab\u00a0component\u00a0\u00bb:\u00a0\u00bbhc_wp_editor\u00a0\u00bb,\u00a0\u00bbid\u00a0\u00bb:\u00a0\u00bbkTQEp\u00a0\u00bb,\u00a0\u00bbcss_classes\u00a0\u00bb:\u00a0\u00bbtext-left \u00ab\u00a0,\u00a0\u00bbcustom_css_classes\u00a0\u00bb:\u00a0\u00bb\u00a0\u00bb,\u00a0\u00bbcustom_css_styles\u00a0\u00bb:\u00a0\u00bbhyphens: auto;\u00a0\u00bb,\u00a0\u00bbeditor_content\u00a0\u00bb:\u00a0\u00bb<img class='size-full wp-image-3520 aligncenter' src='https:\/\/www.seefeldgroup.com\/wp-content\/uploads\/2019\/01\/charles-p.jpg' alt='' width='261' height=''>\\n<\/p>\n<p style='text-align: center;'><span class='person-name'>Charles Porteous<\/span>\\n<span class='person-title'>Pr\u00e9sident et fondateur<\/span><\/p>\n<p>\\n<\/p>\n<p style='font-size: 15px!important;'>Un agent de marketing d\u00e9di\u00e9 et professionnel avec plus de 25 ans d\u2019exp\u00e9rience dans la planification strat\u00e9gique, la satisfaction de la client\u00e8le, la recherche marketing, la pr\u00e9vision et l\u2019audit \\tde marque pour des entreprises et organisations de tous les secteurs.<\/p>\n<p>\u00ab\u00a0}]},{\u00ab\u00a0component\u00a0\u00bb:\u00a0\u00bbhc_column\u00a0\u00bb,\u00a0\u00bbid\u00a0\u00bb:\u00a0\u00bbcolumn_4P0Dh\u00a0\u00bb,\u00a0\u00bbcolumn_width\u00a0\u00bb:\u00a0\u00bbcol-md-3&Prime;,\u00a0\u00bbanimation\u00a0\u00bb:\u00a0\u00bb\u00a0\u00bb,\u00a0\u00bbanimation_time\u00a0\u00bb:\u00a0\u00bb\u00a0\u00bb,\u00a0\u00bbtimeline_animation\u00a0\u00bb:\u00a0\u00bb\u00a0\u00bb,\u00a0\u00bbtimeline_delay\u00a0\u00bb:\u00a0\u00bb\u00a0\u00bb,\u00a0\u00bbtimeline_order\u00a0\u00bb:\u00a0\u00bb\u00a0\u00bb,\u00a0\u00bbcss_classes\u00a0\u00bb:\u00a0\u00bbcol-sm-12 \u00ab\u00a0,\u00a0\u00bbcustom_css_classes\u00a0\u00bb:\u00a0\u00bb\u00a0\u00bb,\u00a0\u00bbcustom_css_styles\u00a0\u00bb:\u00a0\u00bb\u00a0\u00bb,\u00a0\u00bbmain_content\u00a0\u00bb:[{\u00ab\u00a0component\u00a0\u00bb:\u00a0\u00bbhc_wp_editor\u00a0\u00bb,\u00a0\u00bbid\u00a0\u00bb:\u00a0\u00bbr55zL\u00a0\u00bb,\u00a0\u00bbcss_classes\u00a0\u00bb:\u00a0\u00bbtext-left \u00ab\u00a0,\u00a0\u00bbcustom_css_classes\u00a0\u00bb:\u00a0\u00bb\u00a0\u00bb,\u00a0\u00bbcustom_css_styles\u00a0\u00bb:\u00a0\u00bbhyphens: auto;\u00a0\u00bb,\u00a0\u00bbeditor_content\u00a0\u00bb:\u00a0\u00bb<img class='aligncenter wp-image-4358 size-full' src='https:\/\/www.seefeldgroup.com\/wp-content\/uploads\/2021\/01\/TAHREEM-SHEIKH-2.jpg' alt='' width='261' height='293'>\\n<\/p>\n<p style='text-align: center;'><span class='person-name'>Tahreem Sheikh<\/span>\\n<span class='person-title'>Analyste&nbsp;<\/span><\/p>\n<p>\\n<\/p>\n<p style='font-size: 15px!important;'>Tahreem est dipl\u00f4m\u00e9 de la John Molson School of Business en marketing et gestion. Poss\u00e9dant une exp\u00e9rience de travail dans le marketing des m\u00e9dias sociaux, Tahreem a \u00e9largi son expertise en recherche et en analyse marketing en compl\u00e9tant un stage au sein du Groupe Seefeld.<\/p>\n<p>\u00ab\u00a0}]},{\u00ab\u00a0component\u00a0\u00bb:\u00a0\u00bbhc_column\u00a0\u00bb,\u00a0\u00bbid\u00a0\u00bb:\u00a0\u00bbcolumn_almAv\u00a0\u00bb,\u00a0\u00bbcolumn_width\u00a0\u00bb:\u00a0\u00bbcol-md-3&Prime;,\u00a0\u00bbanimation\u00a0\u00bb:\u00a0\u00bb\u00a0\u00bb,\u00a0\u00bbanimation_time\u00a0\u00bb:\u00a0\u00bb\u00a0\u00bb,\u00a0\u00bbtimeline_animation\u00a0\u00bb:\u00a0\u00bb\u00a0\u00bb,\u00a0\u00bbtimeline_delay\u00a0\u00bb:\u00a0\u00bb\u00a0\u00bb,\u00a0\u00bbtimeline_order\u00a0\u00bb:\u00a0\u00bb\u00a0\u00bb,\u00a0\u00bbcss_classes\u00a0\u00bb:\u00a0\u00bbcol-sm-12 \u00ab\u00a0,\u00a0\u00bbcustom_css_classes\u00a0\u00bb:\u00a0\u00bb\u00a0\u00bb,\u00a0\u00bbcustom_css_styles\u00a0\u00bb:\u00a0\u00bb\u00a0\u00bb,\u00a0\u00bbmain_content\u00a0\u00bb:[{\u00ab\u00a0component\u00a0\u00bb:\u00a0\u00bbhc_wp_editor\u00a0\u00bb,\u00a0\u00bbid\u00a0\u00bb:\u00a0\u00bbF7pHZ\u00a0\u00bb,\u00a0\u00bbcss_classes\u00a0\u00bb:\u00a0\u00bbtext-left \u00ab\u00a0,\u00a0\u00bbcustom_css_classes\u00a0\u00bb:\u00a0\u00bb\u00a0\u00bb,\u00a0\u00bbcustom_css_styles\u00a0\u00bb:\u00a0\u00bbhyphens: auto;\u00a0\u00bb,\u00a0\u00bbeditor_content\u00a0\u00bb:\u00a0\u00bb<img class='wp-image-3533 size-full aligncenter' src='https:\/\/www.seefeldgroup.com\/wp-content\/uploads\/2019\/01\/nicole-s.jpg' alt='NICOLE SMALL Seefeld Group' width='261' height='293'>\\n<\/p>\n<p style='text-align: center;'><span class='person-name'>Nicole Small<\/span>\\n<span class='person-title'>Associ\u00e9e<\/span><\/p>\n<p>\\n<\/p>\n<p style='font-size: 15px!important;'>Une professionnelle exp\u00e9riment\u00e9e en formation de vente avec plus de 20 ans d\u2019exp\u00e9rience dans l\u2019industrie pharmaceutique globale. Elle est une consultante en formation qui a la capacit\u00e9 d\u2019identifier les besoins, donner la priorit\u00e9 et communiquer une vision convaincante afin d\u2019inspirer les autres \u00e0 atteindre leurs objectifs organisationnels et commerciaux.<\/p>\n<p>\u00ab\u00a0}]},{\u00ab\u00a0component\u00a0\u00bb:\u00a0\u00bbhc_column\u00a0\u00bb,\u00a0\u00bbid\u00a0\u00bb:\u00a0\u00bbcolumn_3igQp\u00a0\u00bb,\u00a0\u00bbcolumn_width\u00a0\u00bb:\u00a0\u00bbcol-md-3&Prime;,\u00a0\u00bbanimation\u00a0\u00bb:\u00a0\u00bb\u00a0\u00bb,\u00a0\u00bbanimation_time\u00a0\u00bb:\u00a0\u00bb\u00a0\u00bb,\u00a0\u00bbtimeline_animation\u00a0\u00bb:\u00a0\u00bb\u00a0\u00bb,\u00a0\u00bbtimeline_delay\u00a0\u00bb:\u00a0\u00bb\u00a0\u00bb,\u00a0\u00bbtimeline_order\u00a0\u00bb:\u00a0\u00bb\u00a0\u00bb,\u00a0\u00bbcss_classes\u00a0\u00bb:\u00a0\u00bbcol-sm-12 \u00ab\u00a0,\u00a0\u00bbcustom_css_classes\u00a0\u00bb:\u00a0\u00bb\u00a0\u00bb,\u00a0\u00bbcustom_css_styles\u00a0\u00bb:\u00a0\u00bb\u00a0\u00bb,\u00a0\u00bbmain_content\u00a0\u00bb:[{\u00ab\u00a0component\u00a0\u00bb:\u00a0\u00bbhc_wp_editor\u00a0\u00bb,\u00a0\u00bbid\u00a0\u00bb:\u00a0\u00bb5ZtkF\u00a0\u00bb,\u00a0\u00bbcss_classes\u00a0\u00bb:\u00a0\u00bbtext-left \u00ab\u00a0,\u00a0\u00bbcustom_css_classes\u00a0\u00bb:\u00a0\u00bb\u00a0\u00bb,\u00a0\u00bbcustom_css_styles\u00a0\u00bb:\u00a0\u00bbhyphens: auto;\u00a0\u00bb,\u00a0\u00bbeditor_content\u00a0\u00bb:\u00a0\u00bb<img class='size-full wp-image-3530 aligncenter' src='https:\/\/www.seefeldgroup.com\/wp-content\/uploads\/2019\/01\/laurianne-l.jpg' alt='' width='261' height=''>\\n<\/p>\n<p style='text-align: center;'><span class='person-name'>Laurianne Lessard<\/span>\\n<span class='person-title'>Associ\u00e9e<\/span><\/p>\n<p>\\n<\/p>\n<p style='font-size: 15px!important;'>Une experte accomplie avec plus de 20 ans d\u2019exp\u00e9rience dans l\u2019identification des tendances \u00e9mergentes et le d\u00e9veloppement de strat\u00e9gies de pointe, provenant d\u2019une grande vari\u00e9t\u00e9 de sources d\u2019information. Laurianne&nbsp;apporte une exp\u00e9rience \u00e9prouv\u00e9e en intelligence concurrentielle, recherche, segmentation, pr\u00e9vision, planification et en gestion de marque.<\/p>\n<p>\u00ab\u00a0}]}],\u00a0\u00bbsection_settings\u00a0\u00bb:\u00a0\u00bb\u00a0\u00bb},\u00a0\u00bbsection_ieWAB\u00a0\u00bb:{\u00ab\u00a0component\u00a0\u00bb:\u00a0\u00bbhc_section\u00a0\u00bb,\u00a0\u00bbid\u00a0\u00bb:\u00a0\u00bbsection_ieWAB\u00a0\u00bb,\u00a0\u00bbsection_width\u00a0\u00bb:\u00a0\u00bb\u00a0\u00bb,\u00a0\u00bbanimation\u00a0\u00bb:\u00a0\u00bb\u00a0\u00bb,\u00a0\u00bbanimation_time\u00a0\u00bb:\u00a0\u00bb\u00a0\u00bb,\u00a0\u00bbtimeline_animation\u00a0\u00bb:\u00a0\u00bb\u00a0\u00bb,\u00a0\u00bbtimeline_delay\u00a0\u00bb:\u00a0\u00bb\u00a0\u00bb,\u00a0\u00bbtimeline_order\u00a0\u00bb:\u00a0\u00bb\u00a0\u00bb,\u00a0\u00bbvertical_row\u00a0\u00bb:\u00a0\u00bb\u00a0\u00bb,\u00a0\u00bbbox_middle\u00a0\u00bb:\u00a0\u00bb\u00a0\u00bb,\u00a0\u00bbcss_classes\u00a0\u00bb:\u00a0\u00bbno-paddings-y vertical-row \u00ab\u00a0,\u00a0\u00bbcustom_css_classes\u00a0\u00bb:\u00a0\u00bb\u00a0\u00bb,\u00a0\u00bbcustom_css_styles\u00a0\u00bb:\u00a0\u00bb\u00a0\u00bb,\u00a0\u00bbsection_content\u00a0\u00bb:[{\u00ab\u00a0component\u00a0\u00bb:\u00a0\u00bbhc_column\u00a0\u00bb,\u00a0\u00bbid\u00a0\u00bb:\u00a0\u00bbcolumn_UBHIN\u00a0\u00bb,\u00a0\u00bbcolumn_width\u00a0\u00bb:\u00a0\u00bbcol-md-12&Prime;,\u00a0\u00bbanimation\u00a0\u00bb:\u00a0\u00bb\u00a0\u00bb,\u00a0\u00bbanimation_time\u00a0\u00bb:\u00a0\u00bb\u00a0\u00bb,\u00a0\u00bbtimeline_animation\u00a0\u00bb:\u00a0\u00bb\u00a0\u00bb,\u00a0\u00bbtimeline_delay\u00a0\u00bb:\u00a0\u00bb\u00a0\u00bb,\u00a0\u00bbtimeline_order\u00a0\u00bb:\u00a0\u00bb\u00a0\u00bb,\u00a0\u00bbcss_classes\u00a0\u00bb:\u00a0\u00bb\u00a0\u00bb,\u00a0\u00bbcustom_css_classes\u00a0\u00bb:\u00a0\u00bb\u00a0\u00bb,\u00a0\u00bbcustom_css_styles\u00a0\u00bb:\u00a0\u00bb\u00a0\u00bb,\u00a0\u00bbmain_content\u00a0\u00bb:[{\u00ab\u00a0component\u00a0\u00bb:\u00a0\u00bbhc_space\u00a0\u00bb,\u00a0\u00bbid\u00a0\u00bb:\u00a0\u00bbubhEf\u00a0\u00bb,\u00a0\u00bbcss_classes\u00a0\u00bb:\u00a0\u00bb\u00a0\u00bb,\u00a0\u00bbcustom_css_classes\u00a0\u00bb:\u00a0\u00bb\u00a0\u00bb,\u00a0\u00bbcustom_css_styles\u00a0\u00bb:\u00a0\u00bb\u00a0\u00bb,\u00a0\u00bbsize\u00a0\u00bb:\u00a0\u00bbl\u00a0\u00bb,\u00a0\u00bbheight\u00a0\u00bb:\u00a0\u00bb120&Prime;},{\u00ab\u00a0component\u00a0\u00bb:\u00a0\u00bbhc_title_tag\u00a0\u00bb,\u00a0\u00bbid\u00a0\u00bb:\u00a0\u00bb20Lly\u00a0\u00bb,\u00a0\u00bbcss_classes\u00a0\u00bb:\u00a0\u00bbtext-center \u00ab\u00a0,\u00a0\u00bbcustom_css_classes\u00a0\u00bb:\u00a0\u00bbtxt-gray\u00a0\u00bb,\u00a0\u00bbcustom_css_styles\u00a0\u00bb:\u00a0\u00bb\u00a0\u00bb,\u00a0\u00bbtext\u00a0\u00bb:\u00a0\u00bbSUPPORT\u00c9 PAR NOS PARTENAIRES CL\u00c9S\u00a0\u00bb,\u00a0\u00bbtag\u00a0\u00bb:\u00a0\u00bbh2&Prime;},{\u00ab\u00a0component\u00a0\u00bb:\u00a0\u00bbhc_space\u00a0\u00bb,\u00a0\u00bbid\u00a0\u00bb:\u00a0\u00bbYE6Ib\u00a0\u00bb,\u00a0\u00bbcss_classes\u00a0\u00bb:\u00a0\u00bb\u00a0\u00bb,\u00a0\u00bbcustom_css_classes\u00a0\u00bb:\u00a0\u00bb\u00a0\u00bb,\u00a0\u00bbcustom_css_styles\u00a0\u00bb:\u00a0\u00bb\u00a0\u00bb,\u00a0\u00bbsize\u00a0\u00bb:\u00a0\u00bbl\u00a0\u00bb,\u00a0\u00bbheight\u00a0\u00bb:\u00a0\u00bb20&Prime;}]},{\u00ab\u00a0component\u00a0\u00bb:\u00a0\u00bbhc_column\u00a0\u00bb,\u00a0\u00bbid\u00a0\u00bb:\u00a0\u00bbFxm2d\u00a0\u00bb,\u00a0\u00bbcolumn_width\u00a0\u00bb:\u00a0\u00bbcol-md-12&Prime;,\u00a0\u00bbanimation\u00a0\u00bb:\u00a0\u00bb\u00a0\u00bb,\u00a0\u00bbanimation_time\u00a0\u00bb:\u00a0\u00bb\u00a0\u00bb,\u00a0\u00bbtimeline_animation\u00a0\u00bb:\u00a0\u00bb\u00a0\u00bb,\u00a0\u00bbtimeline_delay\u00a0\u00bb:\u00a0\u00bb\u00a0\u00bb,\u00a0\u00bbtimeline_order\u00a0\u00bb:\u00a0\u00bb\u00a0\u00bb,\u00a0\u00bbcss_classes\u00a0\u00bb:\u00a0\u00bb\u00a0\u00bb,\u00a0\u00bbcustom_css_classes\u00a0\u00bb:\u00a0\u00bb\u00a0\u00bb,\u00a0\u00bbcustom_css_styles\u00a0\u00bb:\u00a0\u00bb\u00a0\u00bb,\u00a0\u00bbmain_content\u00a0\u00bb:[{\u00ab\u00a0component\u00a0\u00bb:\u00a0\u00bbhc_wp_editor\u00a0\u00bb,\u00a0\u00bbid\u00a0\u00bb:\u00a0\u00bbac8LL\u00a0\u00bb,\u00a0\u00bbcss_classes\u00a0\u00bb:\u00a0\u00bb\u00a0\u00bb,\u00a0\u00bbcustom_css_classes\u00a0\u00bb:\u00a0\u00bb\u00a0\u00bb,\u00a0\u00bbcustom_css_styles\u00a0\u00bb:\u00a0\u00bb\u00a0\u00bb,\u00a0\u00bbeditor_content\u00a0\u00bb:\u00a0\u00bb<img class='size-full wp-image-3538 aligncenter' src='https:\/\/www.seefeldgroup.com\/wp-content\/uploads\/2019\/01\/logo-ad-hoc.jpg' alt='' width='282' height='140'>\\n<\/p>\n<h3 style='text-align: center;'>Ad hoc recherche<\/h3>\n<p>\\n<\/p>\n<p style='text-align: center;'>Entreprise ind\u00e9pendante fond\u00e9e en 1984, l\u2019entreprise est un leader en sondages et en analyses statistiques (plus de 1 million d\u2019entrevues par ann\u00e9e) et est appuy\u00e9e par une \u00e9quipe aguerrie de plus de 500 analystes, interviewers professionnels B2B et B2C et programmeurs.<\/p>\n<p>\\n<\/p>\n<p style='text-align: center;'><a href='https:\/\/www.adhoc-recherche.com\/fr\/accueil\/' rel='noopener' data-target='true'>Visitez le site internet &gt;&gt;<\/a><\/p>\n<p>\\n<\/p>\n<p style='text-align: center;'><img class='aligncenter size-full wp-image-4461' src='https:\/\/www.seefeldgroup.com\/wp-content\/uploads\/2021\/09\/AGA-Logo.jpg' alt='Arena Group' width='282' height='288'><\/p>\n<p>\\n\\n<\/p>\n<h3 style='text-align: center;'>Agence Arena Group<\/h3>\n<p>\\n<\/p>\n<p style='text-align: center;'>Inspir\u00e9e par les mots, l&rsquo;agence boutique aide les compagnies internationales d&rsquo;aviation d&rsquo;affaires \u00e0 d\u00e9finir leur voix pour communiquer avec des publics internes et externes par des communications cr\u00e9atives.<\/p>\n<p>\u00ab\u00a0}]},{\u00ab\u00a0component\u00a0\u00bb:\u00a0\u00bbhc_space\u00a0\u00bb,\u00a0\u00bbid\u00a0\u00bb:\u00a0\u00bbyYubj\u00a0\u00bb,\u00a0\u00bbcss_classes\u00a0\u00bb:\u00a0\u00bb\u00a0\u00bb,\u00a0\u00bbcustom_css_classes\u00a0\u00bb:\u00a0\u00bb\u00a0\u00bb,\u00a0\u00bbcustom_css_styles\u00a0\u00bb:\u00a0\u00bb\u00a0\u00bb,\u00a0\u00bbsize\u00a0\u00bb:\u00a0\u00bbl\u00a0\u00bb,\u00a0\u00bbheight\u00a0\u00bb:\u00a0\u00bb150&Prime;},{\u00ab\u00a0component\u00a0\u00bb:\u00a0\u00bbhc_column\u00a0\u00bb,\u00a0\u00bbid\u00a0\u00bb:\u00a0\u00bbcolumn_Pnk71&Prime;,\u00a0\u00bbcolumn_width\u00a0\u00bb:\u00a0\u00bbcol-md-12&Prime;,\u00a0\u00bbanimation\u00a0\u00bb:\u00a0\u00bb\u00a0\u00bb,\u00a0\u00bbanimation_time\u00a0\u00bb:\u00a0\u00bb\u00a0\u00bb,\u00a0\u00bbtimeline_animation\u00a0\u00bb:\u00a0\u00bb\u00a0\u00bb,\u00a0\u00bbtimeline_delay\u00a0\u00bb:\u00a0\u00bb\u00a0\u00bb,\u00a0\u00bbtimeline_order\u00a0\u00bb:\u00a0\u00bb\u00a0\u00bb,\u00a0\u00bbcss_classes\u00a0\u00bb:\u00a0\u00bb\u00a0\u00bb,\u00a0\u00bbcustom_css_classes\u00a0\u00bb:\u00a0\u00bbdisplay:none;\u00a0\u00bb,\u00a0\u00bbcustom_css_styles\u00a0\u00bb:\u00a0\u00bb\u00a0\u00bb,\u00a0\u00bbmain_content\u00a0\u00bb:[{\u00ab\u00a0component\u00a0\u00bb:\u00a0\u00bbhc_code_block\u00a0\u00bb,\u00a0\u00bbid\u00a0\u00bb:\u00a0\u00bb9otQM\u00a0\u00bb,\u00a0\u00bbcss_classes\u00a0\u00bb:\u00a0\u00bb\u00a0\u00bb,\u00a0\u00bbcustom_css_classes\u00a0\u00bb:\u00a0\u00bb\u00a0\u00bb,\u00a0\u00bbcustom_css_styles\u00a0\u00bb:\u00a0\u00bb\u00a0\u00bb,\u00a0\u00bbcontent\u00a0\u00bb:\u00a0\u00bb003c007300740079006c0065003e000a002e006800650061006400650072002d0062006100730065002c000a002e007400690074006c0065002d0062006100730065002e0074006500780074002d006c006500660074007b000a00700061006400640069006e0067003a003000210069006d0070006f007200740061006e0074003b000a006d0061007200670069006e003a003000210069006d0070006f007200740061006e0074000a007d000a002e006800650061006400650072002d0062006100730065007b000a0064006900730070006c00610079003a00200066006c00650078003b0020000a0020002000200020002000200066006c00650078002d0064006900720065006300740069006f006e003a00200063006f006c0075006d006e003b0020000a002000200020002000200020006a007500730074006900660079002d0063006f006e00740065006e0074003a002000630065006e007400650072003b0020000a007d000a002e007400690074006c0065002d0062006100730065002e0074006500780074002d006c006500660074002000680031007b000a006d0061007200670069006e003a003000210069006d0070006f007200740061006e0074003b000a00700061006400640069006e0067003a003000210069006d0070006f007200740061006e0074003b000a0066006f006e0074002d00730069007a0065003a003700300070007800210069006d0070006f007200740061006e0074003b000a0063006f006c006f0072003a002300360036003600360036003600210069006d0070006f007200740061006e0074003b000a007d000a0040006d00650064006900610020006f006e006c0079002000730063007200650065006e0020000a0061006e006400200028006d0069006e002d006400650076006900630065002d007700690064007400680020003a00200037003600380070007800290020000a0061006e006400200028006d00610078002d006400650076006900630065002d007700690064007400680020003a0020003100300032003400700078002900200020007b0020000a0020002000200020002e007400690074006c0065002d0062006100730065002e0074006500780074002d006c006500660074002000680031007b000a00200020002000200020002000200020006d0061007200670069006e002d0074006f0070003a003100350070007800210069006d0070006f007200740061006e0074003b000a0020002000200020007d000a007d000a0040006d00650064006900610020006f006e006c0079002000730063007200650065006e0020000a0061006e006400200028006d00610078002d006400650076006900630065002d007700690064007400680020003a0020003900390037007000780029007b000a002e007400690074006c0065002d0062006100730065002e0074006500780074002d006c006500660074002000680031007b000a0066006f006e0074002d00730069007a0065003a003400300070007800210069006d0070006f007200740061006e0074003b000a006c0069006e0065002d006800650069006700680074003a006e006f0072006d0061006c003b000a007d000a007d000a003c002f007300740079006c0065003e\u00a0\u00bb,\u00a0\u00bblanguage\u00a0\u00bb:\u00a0\u00bb\u00a0\u00bb}]}],\u00a0\u00bbsection_settings\u00a0\u00bb:\u00a0\u00bb\u00a0\u00bb},\u00a0\u00bbcolumn_PsBnp\u00a0\u00bb:{\u00ab\u00a0id\u00a0\u00bb:\u00a0\u00bbcolumn_PsBnp\u00a0\u00bb,\u00a0\u00bbmain_content\u00a0\u00bb:{\u00ab\u00a0component\u00a0\u00bb:\u00a0\u00bbhc_space\u00a0\u00bb,\u00a0\u00bbid\u00a0\u00bb:\u00a0\u00bbYE6Ib\u00a0\u00bb,\u00a0\u00bbcss_classes\u00a0\u00bb:\u00a0\u00bb\u00a0\u00bb,\u00a0\u00bbcustom_css_classes\u00a0\u00bb:\u00a0\u00bb\u00a0\u00bb,\u00a0\u00bbcustom_css_styles\u00a0\u00bb:\u00a0\u00bb\u00a0\u00bb,\u00a0\u00bbsize\u00a0\u00bb:\u00a0\u00bbl\u00a0\u00bb,\u00a0\u00bbheight\u00a0\u00bb:\u00a0\u00bb20&Prime;}},\u00a0\u00bbscripts\u00a0\u00bb:{},\u00a0\u00bbcss\u00a0\u00bb:{},\u00a0\u00bbcss_page\u00a0\u00bb:\u00a0\u00bb\u00a0\u00bb,\u00a0\u00bbtemplate_setting\u00a0\u00bb:{\u00ab\u00a0settings\u00a0\u00bb:{\u00ab\u00a0id\u00a0\u00bb:\u00a0\u00bbsettings\u00a0\u00bb},\u00a0\u00bbtemplate_image\u00a0\u00bb:{\u00ab\u00a0component\u00a0\u00bb:\u00a0\u00bbhc_upload_image\u00a0\u00bb,\u00a0\u00bbid\u00a0\u00bb:\u00a0\u00bbtemplate_image\u00a0\u00bb,\u00a0\u00bbimage\u00a0\u00bb:\u00a0\u00bb\u00a0\u00bb}},\u00a0\u00bbtemplate_setting_top\u00a0\u00bb:{},\u00a0\u00bbpage_setting\u00a0\u00bb:{\u00ab\u00a0settings\u00a0\u00bb:[\u00ab\u00a0lock-mode-off\u00a0\u00bb]}}<\/p>\n","protected":false},"excerpt":{"rendered":"<p>{\u00ab\u00a0main-title\u00a0\u00bb:{\u00ab\u00a0component\u00a0\u00bb:\u00a0\u00bbhc_title\u00a0\u00bb,\u00a0\u00bbid\u00a0\u00bb:\u00a0\u00bbmain-title\u00a0\u00bb,\u00a0\u00bbtitle\u00a0\u00bb:\u00a0\u00bb\u00a0\u00bb,\u00a0\u00bbsubtitle\u00a0\u00bb:\u00a0\u00bb\u00a0\u00bb,\u00a0\u00bbtitle_content\u00a0\u00bb:{\u00ab\u00a0component\u00a0\u00bb:\u00a0\u00bbhc_title_base\u00a0\u00bb,\u00a0\u00bbid\u00a0\u00bb:\u00a0\u00bbtitle-base\u00a0\u00bb,\u00a0\u00bbimage\u00a0\u00bb:\u00a0\u00bbhttps:\/\/www.seefeldgroup.com\/wp-content\/uploads\/2019\/01\/bg-who-we-are-1024&#215;133.jpg|250|1920|3513&Prime;,\u00a0\u00bbbreadcrumbs\u00a0\u00bb:false,\u00a0\u00bbwhite\u00a0\u00bb:false}},\u00a0\u00bbsection_5ZtkF\u00a0\u00bb:{\u00ab\u00a0component\u00a0\u00bb:\u00a0\u00bbhc_section\u00a0\u00bb,\u00a0\u00bbid\u00a0\u00bb:\u00a0\u00bbsection_5ZtkF\u00a0\u00bb,\u00a0\u00bbsection_width\u00a0\u00bb:\u00a0\u00bb\u00a0\u00bb,\u00a0\u00bbanimation\u00a0\u00bb:\u00a0\u00bb\u00a0\u00bb,\u00a0\u00bbanimation_time\u00a0\u00bb:\u00a0\u00bb\u00a0\u00bb,\u00a0\u00bbtimeline_animation\u00a0\u00bb:\u00a0\u00bb\u00a0\u00bb,\u00a0\u00bbtimeline_delay\u00a0\u00bb:\u00a0\u00bb\u00a0\u00bb,\u00a0\u00bbtimeline_order\u00a0\u00bb:\u00a0\u00bb\u00a0\u00bb,\u00a0\u00bbvertical_row\u00a0\u00bb:\u00a0\u00bb\u00a0\u00bb,\u00a0\u00bbbox_middle\u00a0\u00bb:\u00a0\u00bb\u00a0\u00bb,\u00a0\u00bbcss_classes\u00a0\u00bb:\u00a0\u00bbno-padding-bottom \u00ab\u00a0,\u00a0\u00bbcustom_css_classes\u00a0\u00bb:\u00a0\u00bb\u00a0\u00bb,\u00a0\u00bbcustom_css_styles\u00a0\u00bb:\u00a0\u00bb\u00a0\u00bb,\u00a0\u00bbsection_content\u00a0\u00bb:[{\u00ab\u00a0component\u00a0\u00bb:\u00a0\u00bbhc_column\u00a0\u00bb,\u00a0\u00bbid\u00a0\u00bb:\u00a0\u00bbcolumn_8Nh0D\u00a0\u00bb,\u00a0\u00bbcolumn_width\u00a0\u00bb:\u00a0\u00bbcol-md-12&Prime;,\u00a0\u00bbanimation\u00a0\u00bb:\u00a0\u00bb\u00a0\u00bb,\u00a0\u00bbanimation_time\u00a0\u00bb:\u00a0\u00bb\u00a0\u00bb,\u00a0\u00bbtimeline_animation\u00a0\u00bb:\u00a0\u00bb\u00a0\u00bb,\u00a0\u00bbtimeline_delay\u00a0\u00bb:\u00a0\u00bb\u00a0\u00bb,\u00a0\u00bbtimeline_order\u00a0\u00bb:\u00a0\u00bb\u00a0\u00bb,\u00a0\u00bbcss_classes\u00a0\u00bb:\u00a0\u00bbtext-center \u00ab\u00a0,\u00a0\u00bbcustom_css_classes\u00a0\u00bb:\u00a0\u00bb\u00a0\u00bb,\u00a0\u00bbcustom_css_styles\u00a0\u00bb:\u00a0\u00bb\u00a0\u00bb,\u00a0\u00bbmain_content\u00a0\u00bb:[{\u00ab\u00a0component\u00a0\u00bb:\u00a0\u00bbhc_title_tag\u00a0\u00bb,\u00a0\u00bbid\u00a0\u00bb:\u00a0\u00bbEWc5n\u00a0\u00bb,\u00a0\u00bbcss_classes\u00a0\u00bb:\u00a0\u00bb\u00a0\u00bb,\u00a0\u00bbcustom_css_classes\u00a0\u00bb:\u00a0\u00bbtxt-red\u00a0\u00bb,\u00a0\u00bbcustom_css_styles\u00a0\u00bb:\u00a0\u00bb\u00a0\u00bb,\u00a0\u00bbtext\u00a0\u00bb:\u00a0\u00bbRencontrez notre \u00e9quipe d\u2019experts\u00a0\u00bb,\u00a0\u00bbtag\u00a0\u00bb:\u00a0\u00bbh2&Prime;}]}],\u00a0\u00bbsection_settings\u00a0\u00bb:\u00a0\u00bb\u00a0\u00bb},\u00a0\u00bbsection_GsAmp\u00a0\u00bb:{\u00ab\u00a0component\u00a0\u00bb:\u00a0\u00bbhc_section\u00a0\u00bb,\u00a0\u00bbid\u00a0\u00bb:\u00a0\u00bbsection_GsAmp\u00a0\u00bb,\u00a0\u00bbsection_width\u00a0\u00bb:\u00a0\u00bb\u00a0\u00bb,\u00a0\u00bbanimation\u00a0\u00bb:\u00a0\u00bb\u00a0\u00bb,\u00a0\u00bbanimation_time\u00a0\u00bb:\u00a0\u00bb\u00a0\u00bb,\u00a0\u00bbtimeline_animation\u00a0\u00bb:\u00a0\u00bb\u00a0\u00bb,\u00a0\u00bbtimeline_delay\u00a0\u00bb:\u00a0\u00bb\u00a0\u00bb,\u00a0\u00bbtimeline_order\u00a0\u00bb:\u00a0\u00bb\u00a0\u00bb,\u00a0\u00bbvertical_row\u00a0\u00bb:\u00a0\u00bb\u00a0\u00bb,\u00a0\u00bbbox_middle\u00a0\u00bb:\u00a0\u00bb\u00a0\u00bb,\u00a0\u00bbcss_classes\u00a0\u00bb:\u00a0\u00bbvertical-row \u00ab\u00a0,\u00a0\u00bbcustom_css_classes\u00a0\u00bb:\u00a0\u00bb\u00a0\u00bb,\u00a0\u00bbcustom_css_styles\u00a0\u00bb:\u00a0\u00bb\u00a0\u00bb,\u00a0\u00bbsection_content\u00a0\u00bb:[{\u00ab\u00a0component\u00a0\u00bb:\u00a0\u00bbhc_column\u00a0\u00bb,\u00a0\u00bbid\u00a0\u00bb:\u00a0\u00bbcolumn_5ZtkF\u00a0\u00bb,\u00a0\u00bbcolumn_width\u00a0\u00bb:\u00a0\u00bbcol-md-3&Prime;,\u00a0\u00bbanimation\u00a0\u00bb:\u00a0\u00bb\u00a0\u00bb,\u00a0\u00bbanimation_time\u00a0\u00bb:\u00a0\u00bb\u00a0\u00bb,\u00a0\u00bbtimeline_animation\u00a0\u00bb:\u00a0\u00bb\u00a0\u00bb,\u00a0\u00bbtimeline_delay\u00a0\u00bb:\u00a0\u00bb\u00a0\u00bb,\u00a0\u00bbtimeline_order\u00a0\u00bb:\u00a0\u00bb\u00a0\u00bb,\u00a0\u00bbcss_classes\u00a0\u00bb:\u00a0\u00bbcol-sm-12 \u00ab\u00a0,\u00a0\u00bbcustom_css_classes\u00a0\u00bb:\u00a0\u00bb\u00a0\u00bb,\u00a0\u00bbcustom_css_styles\u00a0\u00bb:\u00a0\u00bb\u00a0\u00bb,\u00a0\u00bbmain_content\u00a0\u00bb:[{\u00ab\u00a0component\u00a0\u00bb:\u00a0\u00bbhc_wp_editor\u00a0\u00bb,\u00a0\u00bbid\u00a0\u00bb:\u00a0\u00bbkTQEp\u00a0\u00bb,\u00a0\u00bbcss_classes\u00a0\u00bb:\u00a0\u00bbtext-left \u00ab\u00a0,\u00a0\u00bbcustom_css_classes\u00a0\u00bb:\u00a0\u00bb\u00a0\u00bb,\u00a0\u00bbcustom_css_styles\u00a0\u00bb:\u00a0\u00bbhyphens: auto;\u00a0\u00bb,\u00a0\u00bbeditor_content\u00a0\u00bb:\u00a0\u00bb\\n Charles Porteous\\nPr\u00e9sident et fondateur \\n Un agent de marketing d\u00e9di\u00e9 et professionnel avec plus de 25 ans d\u2019exp\u00e9rience dans la planification strat\u00e9gique, la satisfaction de la client\u00e8le, la recherche marketing, la pr\u00e9vision et l\u2019audit \\tde marque pour des entreprises et organisations de tous les secteurs. [&hellip;]<\/p>\n","protected":false},"author":4,"featured_media":0,"parent":0,"menu_order":0,"comment_status":"closed","ping_status":"closed","template":"template-background-image.php","meta":[],"yoast_head":"<!-- This site is optimized with the Yoast SEO plugin v21.1 - https:\/\/yoast.com\/wordpress\/plugins\/seo\/ -->\n<title>PROFIL - SEEFELD<\/title>\n<meta name=\"description\" content=\"Des experts en planification strat\u00e9gique, satisfaction de la client\u00e8le, formation, recherche marketing, pr\u00e9vision et audit de marque pour les entreprises.\" \/>\n<meta name=\"robots\" content=\"index, follow, max-snippet:-1, max-image-preview:large, max-video-preview:-1\" \/>\n<link rel=\"canonical\" href=\"https:\/\/www.seefeldgroup.com\/fr\/profil\/\" \/>\n<meta property=\"og:locale\" content=\"fr_FR\" \/>\n<meta property=\"og:type\" content=\"article\" \/>\n<meta property=\"og:title\" content=\"PROFIL - SEEFELD\" \/>\n<meta property=\"og:description\" content=\"Des experts en planification strat\u00e9gique, satisfaction de la client\u00e8le, formation, recherche marketing, pr\u00e9vision et audit de marque pour les entreprises.\" \/>\n<meta property=\"og:url\" content=\"https:\/\/www.seefeldgroup.com\/fr\/profil\/\" \/>\n<meta property=\"og:site_name\" content=\"SEEFELD\" \/>\n<meta property=\"article:modified_time\" content=\"2022-04-17T22:58:25+00:00\" \/>\n<meta property=\"og:image\" content=\"https:\/\/www.seefeldgroup.com\/wp-content\/uploads\/2019\/01\/charles-p.jpg\" \/>\n<meta name=\"twitter:card\" content=\"summary_large_image\" \/>\n<meta name=\"twitter:label1\" content=\"Dur\u00e9e de lecture estim\u00e9e\" \/>\n\t<meta name=\"twitter:data1\" content=\"6 minutes\" \/>\n<script type=\"application\/ld+json\" class=\"yoast-schema-graph\">{\"@context\":\"https:\/\/schema.org\",\"@graph\":[{\"@type\":\"WebPage\",\"@id\":\"https:\/\/www.seefeldgroup.com\/fr\/profil\/\",\"url\":\"https:\/\/www.seefeldgroup.com\/fr\/profil\/\",\"name\":\"PROFIL - SEEFELD\",\"isPartOf\":{\"@id\":\"https:\/\/www.seefeldgroup.com\/fr\/#website\"},\"datePublished\":\"2019-01-23T15:56:22+00:00\",\"dateModified\":\"2022-04-17T22:58:25+00:00\",\"description\":\"Des experts en planification strat\u00e9gique, satisfaction de la client\u00e8le, formation, recherche marketing, pr\u00e9vision et audit de marque pour les entreprises.\",\"breadcrumb\":{\"@id\":\"https:\/\/www.seefeldgroup.com\/fr\/profil\/#breadcrumb\"},\"inLanguage\":\"fr-FR\",\"potentialAction\":[{\"@type\":\"ReadAction\",\"target\":[\"https:\/\/www.seefeldgroup.com\/fr\/profil\/\"]}]},{\"@type\":\"BreadcrumbList\",\"@id\":\"https:\/\/www.seefeldgroup.com\/fr\/profil\/#breadcrumb\",\"itemListElement\":[{\"@type\":\"ListItem\",\"position\":1,\"name\":\"Accueil\",\"item\":\"https:\/\/www.seefeldgroup.com\/fr\/home-activity\/\"},{\"@type\":\"ListItem\",\"position\":2,\"name\":\"PROFIL\"}]},{\"@type\":\"WebSite\",\"@id\":\"https:\/\/www.seefeldgroup.com\/fr\/#website\",\"url\":\"https:\/\/www.seefeldgroup.com\/fr\/\",\"name\":\"SEEFELD\",\"description\":\"Un site utilisant WordPress\",\"potentialAction\":[{\"@type\":\"SearchAction\",\"target\":{\"@type\":\"EntryPoint\",\"urlTemplate\":\"https:\/\/www.seefeldgroup.com\/fr\/?s={search_term_string}\"},\"query-input\":\"required name=search_term_string\"}],\"inLanguage\":\"fr-FR\"}]}<\/script>\n<!-- \/ Yoast SEO plugin. -->","yoast_head_json":{"title":"PROFIL - SEEFELD","description":"Des experts en planification strat\u00e9gique, satisfaction de la client\u00e8le, formation, recherche marketing, pr\u00e9vision et audit de marque pour les entreprises.","robots":{"index":"index","follow":"follow","max-snippet":"max-snippet:-1","max-image-preview":"max-image-preview:large","max-video-preview":"max-video-preview:-1"},"canonical":"https:\/\/www.seefeldgroup.com\/fr\/profil\/","og_locale":"fr_FR","og_type":"article","og_title":"PROFIL - SEEFELD","og_description":"Des experts en planification strat\u00e9gique, satisfaction de la client\u00e8le, formation, recherche marketing, pr\u00e9vision et audit de marque pour les entreprises.","og_url":"https:\/\/www.seefeldgroup.com\/fr\/profil\/","og_site_name":"SEEFELD","article_modified_time":"2022-04-17T22:58:25+00:00","og_image":[{"url":"https:\/\/www.seefeldgroup.com\/wp-content\/uploads\/2019\/01\/charles-p.jpg"}],"twitter_card":"summary_large_image","twitter_misc":{"Dur\u00e9e de lecture estim\u00e9e":"6 minutes"},"schema":{"@context":"https:\/\/schema.org","@graph":[{"@type":"WebPage","@id":"https:\/\/www.seefeldgroup.com\/fr\/profil\/","url":"https:\/\/www.seefeldgroup.com\/fr\/profil\/","name":"PROFIL - SEEFELD","isPartOf":{"@id":"https:\/\/www.seefeldgroup.com\/fr\/#website"},"datePublished":"2019-01-23T15:56:22+00:00","dateModified":"2022-04-17T22:58:25+00:00","description":"Des experts en planification strat\u00e9gique, satisfaction de la client\u00e8le, formation, recherche marketing, pr\u00e9vision et audit de marque pour les entreprises.","breadcrumb":{"@id":"https:\/\/www.seefeldgroup.com\/fr\/profil\/#breadcrumb"},"inLanguage":"fr-FR","potentialAction":[{"@type":"ReadAction","target":["https:\/\/www.seefeldgroup.com\/fr\/profil\/"]}]},{"@type":"BreadcrumbList","@id":"https:\/\/www.seefeldgroup.com\/fr\/profil\/#breadcrumb","itemListElement":[{"@type":"ListItem","position":1,"name":"Accueil","item":"https:\/\/www.seefeldgroup.com\/fr\/home-activity\/"},{"@type":"ListItem","position":2,"name":"PROFIL"}]},{"@type":"WebSite","@id":"https:\/\/www.seefeldgroup.com\/fr\/#website","url":"https:\/\/www.seefeldgroup.com\/fr\/","name":"SEEFELD","description":"Un site utilisant WordPress","potentialAction":[{"@type":"SearchAction","target":{"@type":"EntryPoint","urlTemplate":"https:\/\/www.seefeldgroup.com\/fr\/?s={search_term_string}"},"query-input":"required name=search_term_string"}],"inLanguage":"fr-FR"}]}},"_links":{"self":[{"href":"https:\/\/www.seefeldgroup.com\/fr\/wp-json\/wp\/v2\/pages\/4145"}],"collection":[{"href":"https:\/\/www.seefeldgroup.com\/fr\/wp-json\/wp\/v2\/pages"}],"about":[{"href":"https:\/\/www.seefeldgroup.com\/fr\/wp-json\/wp\/v2\/types\/page"}],"author":[{"embeddable":true,"href":"https:\/\/www.seefeldgroup.com\/fr\/wp-json\/wp\/v2\/users\/4"}],"replies":[{"embeddable":true,"href":"https:\/\/www.seefeldgroup.com\/fr\/wp-json\/wp\/v2\/comments?post=4145"}],"version-history":[{"count":19,"href":"https:\/\/www.seefeldgroup.com\/fr\/wp-json\/wp\/v2\/pages\/4145\/revisions"}],"predecessor-version":[{"id":4529,"href":"https:\/\/www.seefeldgroup.com\/fr\/wp-json\/wp\/v2\/pages\/4145\/revisions\/4529"}],"wp:attachment":[{"href":"https:\/\/www.seefeldgroup.com\/fr\/wp-json\/wp\/v2\/media?parent=4145"}],"curies":[{"name":"wp","href":"https:\/\/api.w.org\/{rel}","templated":true}]}}